{"id":11150,"date":"2025-10-01T14:03:19","date_gmt":"2025-10-01T12:03:19","guid":{"rendered":"https:\/\/www.kamper.at\/?post_type=job&#038;p=11150"},"modified":"2026-03-03T14:40:02","modified_gmt":"2026-03-03T13:40:02","slug":"projektassistenz-m-w-d-gesucht-2","status":"publish","type":"job","link":"https:\/\/www.kamper.at\/en\/job\/projektassistenz-m-w-d-gesucht-2\/","title":{"rendered":"Projektassistenz f\u00fcr Bad Wurzach (m\/w\/d) gesucht!"},"content":{"rendered":"<div class=\"container\"><div class=\"l-gutenberg-block u-padding-top-200 u-padding-bottom-200\" >\n<div id=\"text-block_fbf44e83f1ac427d45a37fbef7bffded\" class=\"c-text  text-grey\">\n      <div class=\"text-m lg:text-lm c-wysiwyg\">\n      <p><strong>KAMPER<\/strong> ist ein Familienbetrieb, der nunmehr von der 3. Generation gef\u00fchrt wird. Stetige Entwicklung und Innovation haben uns zu einem international agierenden Generalunternehmer, mit hauseigener Tischlerei und Schlosserei, wachsen lassen.<\/p>\n<p>Wir bei <strong>KAMPER<\/strong> brauchen Mitarbeiter*innen, die flache Hierarchien sch\u00e4tzen, strategisch denken und mitentscheiden. Die sich mit unseren Werten identifizieren und Teamplayer sind.<\/p>\n<p><strong>Bei uns gewinnen die besten Ideen, jeder kann bei KAMPER ein*e Macher*in sein<\/strong>. Wir bieten ein modernes Arbeitsumfeld mit Freir\u00e4umen, pers\u00f6nliche Entwicklungschancen und abwechslungsreichen Aufgaben.<\/p>\n    <\/div>\n    \n  <\/div>\n<\/div><\/div>\n\n<div class=\"container\"><div class=\"l-gutenberg-block u-padding-bottom-100\" >\n<div id=\"rich-text-block_a56f20ab02bd7376185f0e30713275db\" class=\"c-rich-text  border-t-grey border-t pt-6\">\n  <div class=\" grid grid-cols-4 lg:grid-cols-8 gap-6 text-grey\">\n    <div class=\"col col-span-4\">\n              <h4 class=\"text-m lg:text-lm mb-6 lg:mb-0\">YOUR JOB: <\/h4>          <\/div>\n    <div class=\"col col-span-4\">\n              <div class=\"text-s c-wysiwyg c-wysiwyg--with-margin\">\n          <ul>\n<li>Unterst\u00fctzung des Projektteams und der Gesch\u00e4ftsf\u00fchrung in administrativen, wirtschaftlichen und technischen Belangen<\/li>\n<li>Strukturierte Projektkommunikation und Ablage<\/li>\n<li>Erfassung und Nachverfolgung von M\u00e4ngelmeldungen<\/li>\n<li>Organisation von Terminen und Bemusterungen<\/li>\n<li>Erstellung von Bestellungen, Nachtragsangeboten und Auftr\u00e4gen sowie Projektdokumentationen<\/li>\n<li>\u00dcbersicht einer rechtzeitigen Pr\u00fcfung von Eingangsrechnungen<\/li>\n<li>europaweite Eins\u00e4tze<\/li>\n<\/ul>\n        <\/div>\n      \n          <\/div>\n  <\/div>\n<\/div>\n<\/div><\/div>\n\n<div class=\"container\"><div class=\"l-gutenberg-block u-padding-bottom-100\" >\n<div id=\"rich-text-block_ba32676d1be92255619b0442b9cc62f0\" class=\"c-rich-text  border-t-grey border-t pt-6\">\n  <div class=\" grid grid-cols-4 lg:grid-cols-8 gap-6 text-grey\">\n    <div class=\"col col-span-4\">\n              <h4 class=\"text-m lg:text-lm mb-6 lg:mb-0\">MUST HAVE:<\/h4>          <\/div>\n    <div class=\"col col-span-4\">\n              <div class=\"text-s c-wysiwyg c-wysiwyg--with-margin\">\n          <ul>\n<li>Abgeschlossene technische oder kaufm\u00e4nnische Ausbildung<\/li>\n<li>Erfahrung in der Bau- oder Tischlerbranche von Vorteil<\/li>\n<li>Navision Kenntnisse (ERP-System) von Vorteil<\/li>\n<li>Vertiefte Kenntnisse in allen g\u00e4ngigen Office Anwendungen<\/li>\n<li>Hohe Eigeninitiative<\/li>\n<li>Belastbarkeit<\/li>\n<li>Sehr gute Umgangsformen und Kommunikationstalent<\/li>\n<li>Reisebereitschaft<\/li>\n<\/ul>\n        <\/div>\n      \n          <\/div>\n  <\/div>\n<\/div>\n<\/div><\/div>\n\n<div class=\"container\"><div class=\"l-gutenberg-block u-padding-bottom-100\" >\n<div id=\"rich-text-block_e1d4cb3b745de94a9c559b6039e427f4\" class=\"c-rich-text  border-t-grey border-t pt-6\">\n  <div class=\" grid grid-cols-4 lg:grid-cols-8 gap-6 text-grey\">\n    <div class=\"col col-span-4\">\n              <h4 class=\"text-m lg:text-lm mb-6 lg:mb-0\">NICE TO HAVE:<\/h4>          <\/div>\n    <div class=\"col col-span-4\">\n              <div class=\"text-s c-wysiwyg c-wysiwyg--with-margin\">\n          <ul>\n<li>Ausgepr\u00e4gtes Bewusstsein f\u00fcr Verantwortung und Pr\u00e4zision<\/li>\n<li>Kundenfokussierte und l\u00f6sungsorientierte Herangehensweise<\/li>\n<li>Teamf\u00e4higkeit<\/li>\n<li>Durchsetzungsverm\u00f6gen<\/li>\n<\/ul>\n        <\/div>\n      \n          <\/div>\n  <\/div>\n<\/div>\n<\/div><\/div>\n\n<div class=\"container\"><div class=\"l-gutenberg-block u-padding-bottom-100\" >\n<div id=\"rich-text-block_149774bd13350f20349eef1a1410fc3b\" class=\"c-rich-text  border-t-grey border-t pt-6\">\n  <div class=\" grid grid-cols-4 lg:grid-cols-8 gap-6 text-grey\">\n    <div class=\"col col-span-4\">\n              <h4 class=\"text-m lg:text-lm mb-6 lg:mb-0\">WE HAVE: <\/h4>          <\/div>\n    <div class=\"col col-span-4\">\n              <div class=\"text-s c-wysiwyg c-wysiwyg--with-margin\">\n          <ul>\n<li>4-Tage-Woche mit 38 Wochenstunden<\/li>\n<li>Flache Hierarchien<\/li>\n<li>Teamwork<\/li>\n<li>Geniales Arbeitsklima<\/li>\n<li>Mitarbeiterverg\u00fcnstigungen<\/li>\n<\/ul>\n<p>&nbsp;<\/p>\n        <\/div>\n      \n              <a class=\"mt-13 o-button text-s\" href=\"https:\/\/www.kamper.at\/karriere\/#benefits\" target=\"\" title=\"Benefits entdecken\"><span class=\"o-button__inner\">Benefits entdecken<\/span><\/a>          <\/div>\n  <\/div>\n<\/div>\n<\/div><\/div>\n\n<div class=\"container\"><div class=\"l-gutenberg-block u-padding-top-200 u-padding-bottom-200\" >\n<div id=\"text-block_d6752b6c55f6238306ac0c48b6578a3a\" class=\"c-text  text-grey\">\n      <div class=\"text-m lg:text-lm c-wysiwyg\">\n      <p>Wir bieten ein attraktives Gehalt, das Ihre Erfahrung, Qualifikationen und Ihr Engagement angemessen widerspiegelt. F\u00fcr diese Position liegt das Bruttojahresgehalt bei mindestens \u20ac 38.050,-, abh\u00e4ngig von Ihren pers\u00f6nlichen und beruflichen Qualifikationen. Das genaue Gehalt besprechen wir individuell in einem pers\u00f6nlichen Gespr\u00e4ch. Wenn Sie an dieser abwechslungsreichen Position interessiert sind, freuen wir uns auf Ihre aussagekr\u00e4ftige Bewerbung.<\/p>\n<p>&nbsp;<\/p>\n    <\/div>\n          <div class=\"mt-13\">\n        <a class=\"o-button text-s\" href=\"#apply\" target=\"\" title=\"Jetzt bewerben\"><span class=\"o-button__inner\">Jetzt bewerben<\/span><\/a>      <\/div>\n    \n  <\/div>\n<\/div><\/div>\n\n<div class=\"l-outer-container bg-stone-900 text-grey\" style=\"\"><div class=\"l-outer-container__inner\" id=\"container-69f5969e40e99\">    <div class=\"container\"><div class=\"l-gutenberg-block u-padding-top-100 u-padding-bottom-100\" >\n<div id=\"headline-block_1f893669fe3c68fee28818209c8421fb\" class=\"c-headline \">\n      <h2 class=\"text-left text-xl lg:text-lxl\">Sie wollen mehr?<\/h2>  <\/div>\n<\/div><\/div><\/div><\/div>\n\n<div class=\"l-outer-container bg-stone-900 text-grey\" style=\"\"><div class=\"l-outer-container__inner\" id=\"container-69f5969e434f2\">    <div class=\"container\"><div class=\"l-gutenberg-block u-padding-bottom-200\" >\n<div id=\"in-page-teaser-block_40b3bca3c8e6a3efc44741a94df3927e\" class=\"c-in-page-teaser \">\n  <div class=\"grid grid-cols-4 lg:grid-cols-8 gap-6\">\n                  <div class=\"col-span-4\">\n          <a href=\"#apply\" class=\"c-card\">\n            <img decoding=\"async\" width=\"2560\" height=\"1707\" src=\"https:\/\/www.kamper.at\/wp-content\/uploads\/2023\/11\/nz7_9451-kopie_web-scaled.jpg\" class=\"c-card__image\" alt=\"\" srcset=\"https:\/\/www.kamper.at\/wp-content\/uploads\/2023\/11\/nz7_9451-kopie_web-scaled.jpg 2560w, https:\/\/www.kamper.at\/wp-content\/uploads\/2023\/11\/nz7_9451-kopie_web-300x200.jpg 300w, https:\/\/www.kamper.at\/wp-content\/uploads\/2023\/11\/nz7_9451-kopie_web-1024x683.jpg 1024w, https:\/\/www.kamper.at\/wp-content\/uploads\/2023\/11\/nz7_9451-kopie_web-768x512.jpg 768w, https:\/\/www.kamper.at\/wp-content\/uploads\/2023\/11\/nz7_9451-kopie_web-1536x1024.jpg 1536w, https:\/\/www.kamper.at\/wp-content\/uploads\/2023\/11\/nz7_9451-kopie_web-2048x1365.jpg 2048w, https:\/\/www.kamper.at\/wp-content\/uploads\/2023\/11\/nz7_9451-kopie_web-704x469.jpg 704w, https:\/\/www.kamper.at\/wp-content\/uploads\/2023\/11\/nz7_9451-kopie_web-113x75.jpg 113w, https:\/\/www.kamper.at\/wp-content\/uploads\/2023\/11\/nz7_9451-kopie_web-90x60.jpg 90w\" sizes=\"(max-width: 2560px) 100vw, 2560px\" \/>            <div class=\"c-card__overlay bg-green-900\"><\/div>\n            <div class=\"c-card__title text-white\">\n              Initiativbewerbung                          <\/div>\n            <div class=\"c-card__link\">\n              <div class=\"o-textlink\"><span class=\"o-textlink__inner text-s text-white\">\n                  Jetzt bewerben                <\/span><\/div>\n            <\/div>\n          <\/a>\n        <\/div>\n              <div class=\"col-span-4\">\n          <a href=\"https:\/\/www.kamper.at\/kamper-akademie\/\" class=\"c-card\">\n            <img decoding=\"async\" width=\"1707\" height=\"2560\" src=\"https:\/\/www.kamper.at\/wp-content\/uploads\/2023\/11\/nz7_9305-kopie_web-scaled.jpg\" class=\"c-card__image\" alt=\"\" srcset=\"https:\/\/www.kamper.at\/wp-content\/uploads\/2023\/11\/nz7_9305-kopie_web-scaled.jpg 1707w, https:\/\/www.kamper.at\/wp-content\/uploads\/2023\/11\/nz7_9305-kopie_web-200x300.jpg 200w, https:\/\/www.kamper.at\/wp-content\/uploads\/2023\/11\/nz7_9305-kopie_web-683x1024.jpg 683w, https:\/\/www.kamper.at\/wp-content\/uploads\/2023\/11\/nz7_9305-kopie_web-768x1152.jpg 768w, https:\/\/www.kamper.at\/wp-content\/uploads\/2023\/11\/nz7_9305-kopie_web-1024x1536.jpg 1024w, https:\/\/www.kamper.at\/wp-content\/uploads\/2023\/11\/nz7_9305-kopie_web-1366x2048.jpg 1366w, https:\/\/www.kamper.at\/wp-content\/uploads\/2023\/11\/nz7_9305-kopie_web-358x537.jpg 358w, https:\/\/www.kamper.at\/wp-content\/uploads\/2023\/11\/nz7_9305-kopie_web-50x75.jpg 50w, https:\/\/www.kamper.at\/wp-content\/uploads\/2023\/11\/nz7_9305-kopie_web-40x60.jpg 40w\" sizes=\"(max-width: 1707px) 100vw, 1707px\" \/>            <div class=\"c-card__overlay bg-green-900\"><\/div>\n            <div class=\"c-card__title text-white\">\n              Die KAMPER Akademie                          <\/div>\n            <div class=\"c-card__link\">\n              <div class=\"o-textlink\"><span class=\"o-textlink__inner text-s text-white\">\n                  Mehr erfahren                <\/span><\/div>\n            <\/div>\n          <\/a>\n        <\/div>\n            <\/div>\n<\/div>\n<\/div><\/div><\/div><\/div>","protected":false},"featured_media":10841,"template":"","job-location":[123,121],"class_list":["post-11150","job","type-job","status-publish","has-post-thumbnail","hentry","job-location-bad-wurzach","job-location-vor-ort-international"],"acf":[],"yoast_head":"<!-- This site is optimized with the Yoast SEO plugin v27.5 - https:\/\/yoast.com\/product\/yoast-seo-wordpress\/ -->\n<title>Projektassistenz f\u00fcr Bad Wurzach (m\/w\/d) gesucht! - KAMPER Handwerk+Bau GmbH<\/title>\n<meta name=\"robots\" content=\"index, follow, max-snippet:-1, max-image-preview:large, max-video-preview:-1\" \/>\n<link rel=\"canonical\" href=\"https:\/\/www.kamper.at\/job\/projektassistenz-m-w-d-gesucht-2\/\" \/>\n<meta property=\"og:locale\" content=\"en_US\" \/>\n<meta property=\"og:type\" content=\"article\" \/>\n<meta property=\"og:title\" content=\"Projektassistenz f\u00fcr Bad Wurzach (m\/w\/d) gesucht! - KAMPER Handwerk+Bau GmbH\" \/>\n<meta property=\"og:url\" content=\"https:\/\/www.kamper.at\/job\/projektassistenz-m-w-d-gesucht-2\/\" \/>\n<meta property=\"og:site_name\" content=\"KAMPER Handwerk+Bau GmbH\" \/>\n<meta property=\"article:publisher\" content=\"https:\/\/www.facebook.com\/kamper.handwerk.und.bau\" \/>\n<meta property=\"article:modified_time\" content=\"2026-03-03T13:40:02+00:00\" \/>\n<meta property=\"og:image\" content=\"https:\/\/www.kamper.at\/wp-content\/uploads\/2025\/06\/nz7_2466_web.jpg\" \/>\n\t<meta property=\"og:image:width\" content=\"850\" \/>\n\t<meta property=\"og:image:height\" content=\"567\" \/>\n\t<meta property=\"og:image:type\" content=\"image\/jpeg\" \/>\n<meta name=\"twitter:card\" content=\"summary_large_image\" \/>\n<meta name=\"twitter:label1\" content=\"Est. reading time\" \/>\n\t<meta name=\"twitter:data1\" content=\"1 minute\" \/>\n<script type=\"application\/ld+json\" class=\"yoast-schema-graph\">{\"@context\":\"https:\\\/\\\/schema.org\",\"@graph\":[{\"@type\":\"WebPage\",\"@id\":\"https:\\\/\\\/www.kamper.at\\\/job\\\/projektassistenz-m-w-d-gesucht-2\\\/\",\"url\":\"https:\\\/\\\/www.kamper.at\\\/job\\\/projektassistenz-m-w-d-gesucht-2\\\/\",\"name\":\"Projektassistenz f\u00fcr Bad Wurzach (m\\\/w\\\/d) gesucht! - KAMPER Handwerk+Bau GmbH\",\"isPartOf\":{\"@id\":\"https:\\\/\\\/www.kamper.at\\\/#website\"},\"primaryImageOfPage\":{\"@id\":\"https:\\\/\\\/www.kamper.at\\\/job\\\/projektassistenz-m-w-d-gesucht-2\\\/#primaryimage\"},\"image\":{\"@id\":\"https:\\\/\\\/www.kamper.at\\\/job\\\/projektassistenz-m-w-d-gesucht-2\\\/#primaryimage\"},\"thumbnailUrl\":\"https:\\\/\\\/www.kamper.at\\\/wp-content\\\/uploads\\\/2025\\\/06\\\/nz7_2466_web.jpg\",\"datePublished\":\"2025-10-01T12:03:19+00:00\",\"dateModified\":\"2026-03-03T13:40:02+00:00\",\"breadcrumb\":{\"@id\":\"https:\\\/\\\/www.kamper.at\\\/job\\\/projektassistenz-m-w-d-gesucht-2\\\/#breadcrumb\"},\"inLanguage\":\"en-US\",\"potentialAction\":[{\"@type\":\"ReadAction\",\"target\":[\"https:\\\/\\\/www.kamper.at\\\/job\\\/projektassistenz-m-w-d-gesucht-2\\\/\"]}]},{\"@type\":\"ImageObject\",\"inLanguage\":\"en-US\",\"@id\":\"https:\\\/\\\/www.kamper.at\\\/job\\\/projektassistenz-m-w-d-gesucht-2\\\/#primaryimage\",\"url\":\"https:\\\/\\\/www.kamper.at\\\/wp-content\\\/uploads\\\/2025\\\/06\\\/nz7_2466_web.jpg\",\"contentUrl\":\"https:\\\/\\\/www.kamper.at\\\/wp-content\\\/uploads\\\/2025\\\/06\\\/nz7_2466_web.jpg\",\"width\":850,\"height\":567},{\"@type\":\"BreadcrumbList\",\"@id\":\"https:\\\/\\\/www.kamper.at\\\/job\\\/projektassistenz-m-w-d-gesucht-2\\\/#breadcrumb\",\"itemListElement\":[{\"@type\":\"ListItem\",\"position\":1,\"name\":\"Home\",\"item\":\"https:\\\/\\\/www.kamper.at\\\/en\\\/\"},{\"@type\":\"ListItem\",\"position\":2,\"name\":\"Projektassistenz f\u00fcr Bad Wurzach (m\\\/w\\\/d) gesucht!\"}]},{\"@type\":\"WebSite\",\"@id\":\"https:\\\/\\\/www.kamper.at\\\/#website\",\"url\":\"https:\\\/\\\/www.kamper.at\\\/\",\"name\":\"KAMPER Handwerk+Bau GmbH\",\"description\":\"\",\"publisher\":{\"@id\":\"https:\\\/\\\/www.kamper.at\\\/#organization\"},\"alternateName\":\"....mastering your project!\",\"potentialAction\":[{\"@type\":\"SearchAction\",\"target\":{\"@type\":\"EntryPoint\",\"urlTemplate\":\"https:\\\/\\\/www.kamper.at\\\/?s={search_term_string}\"},\"query-input\":{\"@type\":\"PropertyValueSpecification\",\"valueRequired\":true,\"valueName\":\"search_term_string\"}}],\"inLanguage\":\"en-US\"},{\"@type\":\"Organization\",\"@id\":\"https:\\\/\\\/www.kamper.at\\\/#organization\",\"name\":\"KAMPER Handwerk+Bau GmbH\",\"url\":\"https:\\\/\\\/www.kamper.at\\\/\",\"logo\":{\"@type\":\"ImageObject\",\"inLanguage\":\"en-US\",\"@id\":\"https:\\\/\\\/www.kamper.at\\\/#\\\/schema\\\/logo\\\/image\\\/\",\"url\":\"https:\\\/\\\/www.kamper.at\\\/wp-content\\\/uploads\\\/2023\\\/11\\\/logo_dark.svg\",\"contentUrl\":\"https:\\\/\\\/www.kamper.at\\\/wp-content\\\/uploads\\\/2023\\\/11\\\/logo_dark.svg\",\"width\":\"1024\",\"height\":\"1024\",\"caption\":\"KAMPER Handwerk+Bau GmbH\"},\"image\":{\"@id\":\"https:\\\/\\\/www.kamper.at\\\/#\\\/schema\\\/logo\\\/image\\\/\"},\"sameAs\":[\"https:\\\/\\\/www.facebook.com\\\/kamper.handwerk.und.bau\"]}]}<\/script>\n<!-- \/ Yoast SEO plugin. -->","yoast_head_json":{"title":"Projektassistenz f\u00fcr Bad Wurzach (m\/w\/d) gesucht! - KAMPER Handwerk+Bau GmbH","robots":{"index":"index","follow":"follow","max-snippet":"max-snippet:-1","max-image-preview":"max-image-preview:large","max-video-preview":"max-video-preview:-1"},"canonical":"https:\/\/www.kamper.at\/job\/projektassistenz-m-w-d-gesucht-2\/","og_locale":"en_US","og_type":"article","og_title":"Projektassistenz f\u00fcr Bad Wurzach (m\/w\/d) gesucht! - KAMPER Handwerk+Bau GmbH","og_url":"https:\/\/www.kamper.at\/job\/projektassistenz-m-w-d-gesucht-2\/","og_site_name":"KAMPER Handwerk+Bau GmbH","article_publisher":"https:\/\/www.facebook.com\/kamper.handwerk.und.bau","article_modified_time":"2026-03-03T13:40:02+00:00","og_image":[{"width":850,"height":567,"url":"https:\/\/www.kamper.at\/wp-content\/uploads\/2025\/06\/nz7_2466_web.jpg","type":"image\/jpeg"}],"twitter_card":"summary_large_image","twitter_misc":{"Est. reading time":"1 minute"},"schema":{"@context":"https:\/\/schema.org","@graph":[{"@type":"WebPage","@id":"https:\/\/www.kamper.at\/job\/projektassistenz-m-w-d-gesucht-2\/","url":"https:\/\/www.kamper.at\/job\/projektassistenz-m-w-d-gesucht-2\/","name":"Projektassistenz f\u00fcr Bad Wurzach (m\/w\/d) gesucht! - KAMPER Handwerk+Bau GmbH","isPartOf":{"@id":"https:\/\/www.kamper.at\/#website"},"primaryImageOfPage":{"@id":"https:\/\/www.kamper.at\/job\/projektassistenz-m-w-d-gesucht-2\/#primaryimage"},"image":{"@id":"https:\/\/www.kamper.at\/job\/projektassistenz-m-w-d-gesucht-2\/#primaryimage"},"thumbnailUrl":"https:\/\/www.kamper.at\/wp-content\/uploads\/2025\/06\/nz7_2466_web.jpg","datePublished":"2025-10-01T12:03:19+00:00","dateModified":"2026-03-03T13:40:02+00:00","breadcrumb":{"@id":"https:\/\/www.kamper.at\/job\/projektassistenz-m-w-d-gesucht-2\/#breadcrumb"},"inLanguage":"en-US","potentialAction":[{"@type":"ReadAction","target":["https:\/\/www.kamper.at\/job\/projektassistenz-m-w-d-gesucht-2\/"]}]},{"@type":"ImageObject","inLanguage":"en-US","@id":"https:\/\/www.kamper.at\/job\/projektassistenz-m-w-d-gesucht-2\/#primaryimage","url":"https:\/\/www.kamper.at\/wp-content\/uploads\/2025\/06\/nz7_2466_web.jpg","contentUrl":"https:\/\/www.kamper.at\/wp-content\/uploads\/2025\/06\/nz7_2466_web.jpg","width":850,"height":567},{"@type":"BreadcrumbList","@id":"https:\/\/www.kamper.at\/job\/projektassistenz-m-w-d-gesucht-2\/#breadcrumb","itemListElement":[{"@type":"ListItem","position":1,"name":"Home","item":"https:\/\/www.kamper.at\/en\/"},{"@type":"ListItem","position":2,"name":"Projektassistenz f\u00fcr Bad Wurzach (m\/w\/d) gesucht!"}]},{"@type":"WebSite","@id":"https:\/\/www.kamper.at\/#website","url":"https:\/\/www.kamper.at\/","name":"KAMPER Handwerk+Bau GmbH","description":"","publisher":{"@id":"https:\/\/www.kamper.at\/#organization"},"alternateName":"....mastering your project!","potentialAction":[{"@type":"SearchAction","target":{"@type":"EntryPoint","urlTemplate":"https:\/\/www.kamper.at\/?s={search_term_string}"},"query-input":{"@type":"PropertyValueSpecification","valueRequired":true,"valueName":"search_term_string"}}],"inLanguage":"en-US"},{"@type":"Organization","@id":"https:\/\/www.kamper.at\/#organization","name":"KAMPER Handwerk+Bau GmbH","url":"https:\/\/www.kamper.at\/","logo":{"@type":"ImageObject","inLanguage":"en-US","@id":"https:\/\/www.kamper.at\/#\/schema\/logo\/image\/","url":"https:\/\/www.kamper.at\/wp-content\/uploads\/2023\/11\/logo_dark.svg","contentUrl":"https:\/\/www.kamper.at\/wp-content\/uploads\/2023\/11\/logo_dark.svg","width":"1024","height":"1024","caption":"KAMPER Handwerk+Bau GmbH"},"image":{"@id":"https:\/\/www.kamper.at\/#\/schema\/logo\/image\/"},"sameAs":["https:\/\/www.facebook.com\/kamper.handwerk.und.bau"]}]}},"_links":{"self":[{"href":"https:\/\/www.kamper.at\/en\/wp-json\/wp\/v2\/job\/11150","targetHints":{"allow":["GET"]}}],"collection":[{"href":"https:\/\/www.kamper.at\/en\/wp-json\/wp\/v2\/job"}],"about":[{"href":"https:\/\/www.kamper.at\/en\/wp-json\/wp\/v2\/types\/job"}],"wp:featuredmedia":[{"embeddable":true,"href":"https:\/\/www.kamper.at\/en\/wp-json\/wp\/v2\/media\/10841"}],"wp:attachment":[{"href":"https:\/\/www.kamper.at\/en\/wp-json\/wp\/v2\/media?parent=11150"}],"wp:term":[{"taxonomy":"job-location","embeddable":true,"href":"https:\/\/www.kamper.at\/en\/wp-json\/wp\/v2\/job-location?post=11150"}],"curies":[{"name":"wp","href":"https:\/\/api.w.org\/{rel}","templated":true}]}}